{"id":12,"date":"2015-01-22T22:07:16","date_gmt":"2015-01-22T21:07:16","guid":{"rendered":"http:\/\/dcpf.73s.fr\/?page_id=12"},"modified":"2021-01-22T19:18:40","modified_gmt":"2021-01-22T18:18:40","slug":"accueil","status":"publish","type":"page","link":"https:\/\/dcpf.73s.fr\/","title":{"rendered":"Accueil"},"content":{"rendered":"<h2>\u00a0\u00a0<a href=\"http:\/\/dcpf.73s.fr\/wp-content\/uploads\/2015\/01\/peyronis-leg-cadre.jpg\"><img decoding=\"async\" loading=\"lazy\" class=\"alignnone size-medium wp-image-5423\" src=\"http:\/\/dcpf.73s.fr\/wp-content\/uploads\/2015\/01\/peyronis-leg-cadre-210x300.jpg\" alt=\"\" width=\"210\" height=\"300\" \/>\u00a0\u00a0<\/a><a href=\"http:\/\/dcpf.73s.fr\/wp-content\/uploads\/2015\/01\/vazearac-leg-cadre.jpg\"><img decoding=\"async\" loading=\"lazy\" class=\"alignnone size-full wp-image-5421\" src=\"http:\/\/dcpf.73s.fr\/wp-content\/uploads\/2015\/01\/vazearac-leg-cadre.jpg\" alt=\"\" width=\"214\" height=\"292\" \/>\u00a0\u00a0<\/a><a href=\"http:\/\/dcpf.73s.fr\/wp-content\/uploads\/2015\/01\/perriere-leg-cadre.jpg\"><img decoding=\"async\" loading=\"lazy\" class=\"alignnone size-medium wp-image-5422\" src=\"http:\/\/dcpf.73s.fr\/wp-content\/uploads\/2015\/01\/perriere-leg-cadre-214x300.jpg\" alt=\"\" width=\"214\" height=\"300\" \/><\/a><\/h2>\n<h2>Depuis le d\u00e9part de lydie, la gestion du dipl\u00f4me est assur\u00e9e par F4FCE<\/h2>\n<h2><strong><span style=\"color: #800000;\">\u00a0\u00a0\u00a0\u00a0\u00a0\u00a0\u00a0\u00a0\u00a0<\/span><\/strong><span style=\"color: #800000;\">\u00a0<\/span><strong><span style=\"color: #800000;\"> \u00a0\u00a0\u00a0\u00a0\u00a0<\/span><\/strong><span style=\"color: #800000;\">\u00a0<\/span><strong><span style=\"color: #800000;\">\u00a0\u00a0\u00a0\u00a0\u00a0\u00a0\u00a0\u00a0\u00a0\u00a0\u00a0\u00a0\u00a0\u00a0\u00a0 ** ANNONCES\u00a0des\u00a0ACTIVATIONS ** \u00a0\u00a0\u00a0\u00a0\u00a0\u00a0\u00a0<\/span><\/strong><strong style=\"color: #800000; font-size: 1rem; line-height: 1.84615;\"><br \/>\n<\/strong><\/h2>\n<h2><strong><span style=\"color: #800000;\">***************************************************************<\/span><\/strong><\/h2>\n<h2><\/h2>\n<h2><strong><span style=\"color: #008000;\"><strong><span style=\"color: #800000;\"><strong><span style=\"color: #800000;\"><strong><strong><span style=\"color: #000000;\"><span style=\"color: #ff0000;\"><strong><span style=\"color: #800000;\">***************************************************************<\/span><\/strong><\/span><\/span><\/strong><\/strong><\/span><\/strong><\/span><\/strong><\/span><\/strong><\/h2>\n<h2><strong><span style=\"color: #800000;\"><strong><span style=\"color: #800000;\"><strong><span style=\"color: #800000;\"><strong><span style=\"color: #800000;\"><span style=\"color: #0000ff;\">HISTORIQUE<\/span> : <span style=\"color: #0000ff;\">le lien<\/span> \u00a0<a title=\"site de wikipedia\" href=\"http:\/\/fr.wikipedia.org\/wiki\/Colombier_(%C3%A9difice)\" target=\"_blank\" rel=\"noopener noreferrer\">fr.wikipedia.org\/wiki\/Colombier_(\u00e9difice)<\/a>\u00a0 \u00a0 <\/span><\/strong><\/span><\/strong><\/span><\/strong><\/span><\/strong><\/h2>\n<h2><strong><span style=\"color: #800000;\"><strong><span style=\"color: #800000;\"><strong><span style=\"color: #800000;\"><strong><span style=\"color: #800000;\">\u00a0<span style=\"color: #0000ff;\">ou autre lien &#8230;<\/span><\/span><\/strong><\/span><\/strong><\/span><\/strong><\/span><\/strong><\/h2>\n<p><cite class=\"_Rm\"><\/cite><a href=\"http:\/\/pigeonniers-de-france.chez-alice.fr\/pigeonnier_ou_colombier_530.htm\">http:\/\/pigeonniers-de-france.chez-alice.fr\/pigeonnier_ou_colombier_530.htm<\/a><\/p>\n<h3><span style=\"color: #0000ff;\">L&rsquo;appellation du \u00ab\u00a0Colombier\u00a0\u00bb est souvent d&rsquo;origine m\u00e9di\u00e9vale,avant le XVII si\u00e8cle,tandis que l&rsquo;appellation du \u00ab\u00a0pigeonnier\u00a0\u00bb est plut\u00f4t contemporaine,du XVIIII si\u00e8cle \u00e0 nos jours ou \u00ab\u00a0fuie\u00a0\u00bbpetite voli\u00e8re de bois,souvent dress\u00e9e sur pilotis (piliers) o\u00f9 l&rsquo;on abrite des pigeons domestiques,se dit \u00e9galement d&rsquo;une petite tour de pierre.<\/span><\/h3>\n<h3><span style=\"color: #0000ff;\">Le terme&lt;colombier&gt; est toujours utilis\u00e9 dans le monde colombophile pour d\u00e9signer la demeure des pigeons voyageurs.<\/span><\/h3>\n<div>\n<div><b><span style=\"color: #000000; font-family: verdana, sans-serif; font-size: large;\">\u00a0<\/span><\/b><b><span style=\"color: #000000; font-family: verdana, sans-serif; font-size: large;\">Raison de sa cr\u00e9ation \u00a0 \u00a0 \u00a0 \u00a0 \u00a0 \u00a0 \u00a0 \u00a0 \u00a0 \u00a0 \u00a0 \u00a0 \u00a0 \u00a0 \u00a0 \u00a0 \u00a0 \u00a0 \u00a0 \u00a0 \u00a0 \u00a0 \u00a0 \u00a0 \u00a0 \u00a0 \u00a0 \u00a0 \u00a0 \u00a0\u00a0<\/span><\/b><\/div>\n<div><\/div>\n<div><\/div>\n<div><b><span style=\"color: #274e13; font-family: verdana, sans-serif; font-size: medium;\">Ce site \u00e0 pris naissance pour les \u00ab\u00a0amoureux\u00a0\u00bb de colombiers et\u00a0<\/span><\/b><b><span style=\"color: #274e13; font-family: verdana, sans-serif; font-size: medium;\">pigeonniers,pour les gens qui s&rsquo;int\u00e9ressent \u00e0 nos\u00a0<\/span><\/b><b><span style=\"color: #274e13; font-family: verdana, sans-serif; font-size: medium;\">patrimoines ruraux repr\u00e9sentant des int\u00e9r\u00eats architecturaux pour y\u00a0<\/span><\/b><b><span style=\"color: #274e13; font-family: verdana, sans-serif; font-size: medium;\">d\u00e9couvrir les attraits<\/span><\/b><\/div>\n<div><b><span style=\"color: #274e13; font-family: verdana, sans-serif; font-size: medium;\">de nos campagnes.<\/span><\/b><\/div>\n<div><\/div>\n<div><span style=\"color: #274e13; font-family: Verdana; font-size: medium;\"><b>Mais ATTENTION&#8230;n&rsquo;oubliez pas que ce sont des constructions priv\u00e9es.<\/b><\/span><\/div>\n<div><\/div>\n<div><span style=\"color: #274e13; font-family: Verdana; font-size: medium;\"><b> (RESPECTEZ-LES)<\/b><\/span><\/div>\n<div><\/div>\n<div><b><span style=\"color: #274e13; font-family: Verdana; font-size: medium;\">Peu de propri\u00e9taire vous en refuseront l&rsquo;acc\u00e8s si vous leur en faites\u00a0<\/span><\/b><b><span style=\"color: #274e13; font-family: Verdana; font-size: medium;\">une demande pr\u00e9alable.<\/span><\/b><\/div>\n<div><\/div>\n<div><b><span style=\"color: #274e13; font-family: Verdana; font-size: medium;\">Il est \u00e0 noter que beaucoup de ch\u00e2teaux poss\u00e8dent un colombier ou\u00a0<\/span><\/b><b><span style=\"color: #274e13; font-family: Verdana; font-size: medium;\">pigeonnier (Le jumelage ch\u00e2teau et colombier\/pigeonnier)\u00a0 est\u00a0<\/span><\/b><b><span style=\"color: #274e13; font-family: Verdana; font-size: medium;\">possible.<\/span><\/b><\/div>\n<div><\/div>\n<div><\/div>\n<div><b><b><span style=\"color: #274e13; font-family: Verdana; font-size: medium;\">N&rsquo;oublions pas que les pigeons voyageurs utilis\u00e9s en temps de\u00a0<\/span><\/b><\/b><b><b><span style=\"color: #274e13; font-family: Verdana; font-size: medium;\">paix,furent des moyens de communications pr\u00e9cieux et auxiliaires en\u00a0<\/span><\/b><\/b><b><b><span style=\"color: #274e13; font-family: Verdana; font-size: medium;\">temps de guerre pour communiquer discr\u00e8tement aux \u00e9tats majors\u00a0 la\u00a0<\/span><\/b><\/b><b><b><span style=\"color: #274e13; font-family: Verdana; font-size: medium;\">position des troupes ennemies.<\/span><\/b><\/b><\/div>\n<div><\/div>\n<div><\/div>\n<div><\/div>\n<div>\n<div>\n<div>\n<div><a href=\"http:\/\/dcpf.73s.fr\/wp-content\/uploads\/2015\/01\/pigeon-espion-allemand-2.jpg\"><img decoding=\"async\" loading=\"lazy\" class=\"alignnone size-thumbnail wp-image-5335\" src=\"http:\/\/dcpf.73s.fr\/wp-content\/uploads\/2015\/01\/pigeon-espion-allemand-2-150x150.jpg\" alt=\"pigeon espion allemand (2)\" width=\"150\" height=\"150\" srcset=\"https:\/\/dcpf.73s.fr\/wp-content\/uploads\/2015\/01\/pigeon-espion-allemand-2-150x150.jpg 150w, https:\/\/dcpf.73s.fr\/wp-content\/uploads\/2015\/01\/pigeon-espion-allemand-2.jpg 200w\" sizes=\"(max-width: 150px) 100vw, 150px\" \/><\/a>\u00a0 \u00a0 \u00a0 \u00a0 \u00a0 \u00a0 \u00a0 \u00a0 \u00a0 \u00a0 \u00a0 \u00a0\u00a0<a href=\"http:\/\/dcpf.73s.fr\/wp-content\/uploads\/2015\/01\/Pigeon-espion-allemand1.jpg\" rel=\"attachment wp-att-5336\"><img decoding=\"async\" loading=\"lazy\" class=\"alignnone size-full wp-image-5336\" src=\"http:\/\/dcpf.73s.fr\/wp-content\/uploads\/2015\/01\/Pigeon-espion-allemand1.jpg\" alt=\"Pigeon espion allemand\" width=\"200\" height=\"128\" \/><\/a><\/div>\n<div><\/div>\n<div><\/div>\n<div><\/div>\n<\/div>\n<div><span style=\"color: #660000;\"><strong><span style=\"color: #800000;\">Pigeons<\/span> espions militaires<\/strong>\u00a0 <strong>allemands,\u00e9quip\u00e9s en 1914 pour la prise de vue a\u00e9rienne<\/strong><br \/>\n<\/span><\/div>\n<\/div>\n<div><\/div>\n<div><\/div>\n<\/div>\n<div><b><b><span style=\"color: #274e13; font-family: Verdana; font-size: medium;\">\u00a0<\/span><\/b><\/b><\/div>\n<div><\/div>\n<div><b><span style=\"color: #274e13; font-family: Verdana; font-size: medium;\">On \u00e9levait\u00a0 le pigeon non seulement pour la table,mais aussi,et avant\u00a0<\/span><\/b><b><span style=\"color: #274e13; font-family: Verdana; font-size: medium;\">tout,pour\u00a0<\/span><\/b><strong><span style=\"color: #274e13; font-family: Verdana; font-size: medium;\">la<\/span><\/strong><b><span style=\"color: #274e13; font-family: Verdana; font-size: medium;\"> colombine qui faisait un excellent engrais.<\/span><\/b><\/div>\n<\/div>\n<div><\/div>\n<h3><strong><span style=\"color: #003300;\">Il faut savoir qu&rsquo;un pigeon voyageur est naturalis\u00e9 au mus\u00e9e de guerre <\/span><\/strong><span style=\"color: #003300;\">de LONDRES,car il\u00a0<\/span><span style=\"color: #003300;\">a eu une part importante apr\u00e8s avoir pass\u00e9 des messages\u00a0sur le d\u00e9roulement de la guerre<\/span><\/h3>\n<div>\n<div><span style=\"color: #274e13; font-family: Verdana; font-size: medium;\"><a href=\"http:\/\/dcpf.73s.fr\/wp-content\/uploads\/2015\/01\/cher-ami31.jpg\"><strong><img decoding=\"async\" loading=\"lazy\" class=\"alignnone size-thumbnail wp-image-5333\" src=\"http:\/\/dcpf.73s.fr\/wp-content\/uploads\/2015\/01\/cher-ami31-121x150.jpg\" alt=\"cher-ami3\" width=\"121\" height=\"150\" \/><\/strong><\/a><\/span><\/div>\n<\/div>\n<div><\/div>\n<h3><strong><span style=\"color: #003300;\">Ce site est une fa\u00e7on de leur rendre hommage.<\/span><\/strong><\/h3>\n<h3><strong><span style=\"color: #003300;\">Fin XVII,on d\u00e9nombrait encore 42000 colombiers.<\/span><\/strong><\/h3>\n<div>\n<div><b><span style=\"color: #274e13; font-family: Verdana; font-size: medium;\">\u00a0<\/span><\/b><\/div>\n<div><b><span style=\"color: #000000; font-family: verdana, sans-serif; font-size: medium;\"> SPECIFICITES\u00a0 <\/span><\/b><\/div>\n<div><\/div>\n<div><b><span style=\"color: #274e13; font-family: verdana, sans-serif; font-size: medium;\">Les r\u00e9f\u00e9rences et les validations seront attribu\u00e9es \u00e0 tous les colombiers\u00a0<\/span><\/b><b><span style=\"color: #274e13; font-family: verdana, sans-serif; font-size: medium;\">et pigeonniers ANCIENS :<\/span><\/b><\/div>\n<div><b><span style=\"color: #274e13; font-family: verdana, sans-serif; font-size: medium;\">\u00a0<\/span><\/b><\/div>\n<div><b><span style=\"color: #274e13; font-family: Verdana; font-size: medium;\">-Isol\u00e9s<\/span><\/b><\/div>\n<div><\/div>\n<div><b><b><span style=\"color: #274e13; font-family: Verdana; font-size: medium;\">-Int\u00e9gr\u00e9s au corps de la maison ou \u00e0 l&rsquo;ensemble des b\u00e2timents de la\u00a0<\/span><\/b><\/b><b><b><span style=\"color: #274e13; font-family: Verdana; font-size: medium;\">cour ou radio amateur<\/span><\/b><\/b><\/div>\n<div><b><b><span style=\"color: #274e13; font-family: Verdana; font-size: medium;\">\u00ab\u00a0colombophile\u00a0\u00bbposs\u00e9dant colombier ou\u00a0<\/span><\/b><\/b><b><b><span style=\"color: #274e13; font-family: Verdana; font-size: medium;\">pigeonnier.<\/span><\/b><\/b><\/div>\n<div><\/div>\n<div><b><b><span style=\"color: #274e13; font-family: Verdana; font-size: medium;\">Tous les ouvrages seront accept\u00e9s\u00a0(\u00e0 voir sur photo)<\/span><\/b><\/b><\/div>\n<div><b><b><span style=\"color: #274e13; font-family: Verdana; font-size: medium;\">Ce DCPF est ouvert \u00e0 toutes les stations poss\u00e9dant une licence officielle\u00a0<\/span><\/b><\/b><\/div>\n<\/div>\n<div><\/div>\n<div>\n<div><\/div>\n<div><\/div>\n<div><b><span style=\"color: #274e13; font-family: Verdana; font-size: medium;\">Bonne activit\u00e9<br \/>\n<\/span><\/b><\/div>\n<div><\/div>\n<div><\/div>\n<div><b><span style=\"color: #274e13; font-family: Verdana; font-size: medium;\">Fondatrice du DCPF \u00a0 \u00a0 \u00a0 \u00a0 \u00a0 \u00a0 \u00a0 Lydie F5MSS \u00a0 (SK)\u00a0 <a href=\"http:\/\/dcpf.73s.fr\/wp-content\/uploads\/2015\/01\/sans-titre.png\"><img decoding=\"async\" loading=\"lazy\" class=\" size-thumbnail wp-image-529 alignnone\" src=\"http:\/\/dcpf.73s.fr\/wp-content\/uploads\/2015\/01\/sans-titre-150x150.png\" alt=\"sans-titre\" width=\"150\" height=\"150\" \/><\/a><\/span><\/b><\/div>\n<\/div>\n<h1><b>Manager national du DCPF \u00a0 \u00a0 \u00a0 \u00a0 \u00a0 \u00a0 \u00a0 F4FCE (Pierre-Marie)<br \/>\n<\/b><\/h1>\n","protected":false},"excerpt":{"rendered":"<p>\u00a0\u00a0\u00a0\u00a0\u00a0\u00a0 Depuis le d\u00e9part de lydie, la gestion du dipl\u00f4me est assur\u00e9e par F4FCE \u00a0\u00a0\u00a0\u00a0\u00a0\u00a0\u00a0\u00a0\u00a0\u00a0 \u00a0\u00a0\u00a0\u00a0\u00a0\u00a0\u00a0\u00a0\u00a0\u00a0\u00a0\u00a0\u00a0\u00a0\u00a0\u00a0\u00a0\u00a0\u00a0\u00a0\u00a0 ** ANNONCES\u00a0des\u00a0ACTIVATIONS ** \u00a0\u00a0\u00a0\u00a0\u00a0\u00a0\u00a0 *************************************************************** *************************************************************** HISTORIQUE : le lien \u00a0fr.wikipedia.org\/wiki\/Colombier_(\u00e9difice)\u00a0 \u00a0 \u00a0ou autre lien &#8230; http:\/\/pigeonniers-de-france.chez-alice.fr\/pigeonnier_ou_colombier_530.htm L&rsquo;appellation du \u00ab\u00a0Colombier\u00a0\u00bb est souvent d&rsquo;origine m\u00e9di\u00e9vale,avant le XVII si\u00e8cle,tandis que l&rsquo;appellation du \u00ab\u00a0pigeonnier\u00a0\u00bb est plut\u00f4t contemporaine,du XVIIII si\u00e8cle \u00e0 nos jours [&hellip;]<\/p>\n","protected":false},"author":2,"featured_media":0,"parent":0,"menu_order":0,"comment_status":"closed","ping_status":"open","template":"","meta":[],"_links":{"self":[{"href":"https:\/\/dcpf.73s.fr\/index.php?rest_route=\/wp\/v2\/pages\/12"}],"collection":[{"href":"https:\/\/dcpf.73s.fr\/index.php?rest_route=\/wp\/v2\/pages"}],"about":[{"href":"https:\/\/dcpf.73s.fr\/index.php?rest_route=\/wp\/v2\/types\/page"}],"author":[{"embeddable":true,"href":"https:\/\/dcpf.73s.fr\/index.php?rest_route=\/wp\/v2\/users\/2"}],"replies":[{"embeddable":true,"href":"https:\/\/dcpf.73s.fr\/index.php?rest_route=%2Fwp%2Fv2%2Fcomments&post=12"}],"version-history":[{"count":1984,"href":"https:\/\/dcpf.73s.fr\/index.php?rest_route=\/wp\/v2\/pages\/12\/revisions"}],"predecessor-version":[{"id":10895,"href":"https:\/\/dcpf.73s.fr\/index.php?rest_route=\/wp\/v2\/pages\/12\/revisions\/10895"}],"wp:attachment":[{"href":"https:\/\/dcpf.73s.fr\/index.php?rest_route=%2Fwp%2Fv2%2Fmedia&parent=12"}],"curies":[{"name":"wp","href":"https:\/\/api.w.org\/{rel}","templated":true}]}}